{"id":574,"date":"2025-04-25T14:55:15","date_gmt":"2025-04-25T13:55:15","guid":{"rendered":"https:\/\/sciences-sur-mer.culture-ocean.com\/web\/?page_id=574"},"modified":"2025-06-03T01:52:21","modified_gmt":"2025-06-03T00:52:21","slug":"side-events","status":"publish","type":"page","link":"https:\/\/sciences-sur-mer.culture-ocean.com\/web\/side-events\/","title":{"rendered":"Side Events"},"content":{"rendered":"\t\t<div data-elementor-type=\"wp-page\" data-elementor-id=\"574\" class=\"elementor elementor-574\" data-elementor-post-type=\"page\">\n\t\t\t\t<div class=\"elementor-element elementor-element-3404206 e-flex e-con-boxed e-con e-parent\" data-id=\"3404206\" data-element_type=\"container\">\n\t\t\t\t\t<div class=\"e-con-inner\">\n\t\t\t\t<div class=\"elementor-element elementor-element-e4b236b elementor-widget elementor-widget-heading\" data-id=\"e4b236b\" data-element_type=\"widget\" data-widget_type=\"heading.default\">\n\t\t\t\t<div class=\"elementor-widget-container\">\n\t\t\t\t\t<h1 class=\"elementor-heading-title elementor-size-default\">Les SIDE-EVENTS <\/h1>\t\t\t\t<\/div>\n\t\t\t\t<\/div>\n\t\t\t\t<div class=\"elementor-element elementor-element-a927641 elementor-widget elementor-widget-heading\" data-id=\"a927641\" data-element_type=\"widget\" data-widget_type=\"heading.default\">\n\t\t\t\t<div class=\"elementor-widget-container\">\n\t\t\t\t\t<h2 class=\"elementor-heading-title elementor-size-default\">Side-Events agenda (evolving)<\/h2>\t\t\t\t<\/div>\n\t\t\t\t<\/div>\n\t\t\t\t\t<\/div>\n\t\t\t\t<\/div>\n\t\t<div class=\"elementor-element elementor-element-be2853d e-flex e-con-boxed e-con e-parent\" data-id=\"be2853d\" data-element_type=\"container\">\n\t\t\t\t\t<div class=\"e-con-inner\">\n\t\t<div class=\"elementor-element elementor-element-d5e8245 e-con-full e-flex e-con e-child\" data-id=\"d5e8245\" data-element_type=\"container\">\n\t\t\t\t<div class=\"elementor-element elementor-element-0a2d688 elementor-widget elementor-widget-text-editor\" data-id=\"0a2d688\" data-element_type=\"widget\" data-widget_type=\"text-editor.default\">\n\t\t\t\t<div class=\"elementor-widget-container\">\n\t\t\t\t\t\t\t\t\t<p>As part of the <span style=\"text-decoration: underline;\"><strong><a href=\"https:\/\/unocnice2025.org\/en\/\" target=\"_blank\" rel=\"noopener\">Third United Nations Conference on the Oceans<\/a><\/strong><\/span>, Sciences-sur-Mer (in <a href=\"https:\/\/umap.openstreetmap.fr\/fr\/map\/festival-sciences-sur-mer_1216738?scaleControl=true&amp;miniMap=true&amp;scrollWheelZoom=true&amp;zoomControl=true&amp;editMode=disabled&amp;moreControl=true&amp;searchControl=null&amp;tilelayersControl=null&amp;embedControl=null&amp;datalayersControl=null&amp;onLoadPanel=none&amp;captionBar=false&amp;captionMenus=true&amp;homeControl=false#15\/43.7019\/7.3010\" target=\"_blank\" rel=\"noopener\">Villefranche-sur-Mer<\/a>) is hosting a series of events organised in partnership with international institutions, researchers, government representatives and all others involved in protecting the Ocean. These events, most of which are by invitation and private, provide a forum for dialogue on current issues in marine sciences. Echoing the objectives of the Conference they aim to strengthen scientific and diplomatic cooperation.<\/p>\t\t\t\t\t\t\t\t<\/div>\n\t\t\t\t<\/div>\n\t\t\t\t<\/div>\n\t\t\t\t\t<\/div>\n\t\t\t\t<\/div>\n\t\t<div class=\"elementor-element elementor-element-8569928 e-flex e-con-boxed e-con e-child\" data-id=\"8569928\" data-element_type=\"container\">\n\t\t\t\t\t<div class=\"e-con-inner\">\n\t\t\t\t<div class=\"elementor-element elementor-element-cf79098 elementor-widget__width-inherit elementor-widget elementor-widget-ucaddon_post_list\" data-id=\"cf79098\" data-element_type=\"widget\" data-widget_type=\"ucaddon_post_list.default\">\n\t\t\t\t<div class=\"elementor-widget-container\">\n\t\t\t\t\t\n<!-- start Post List -->\n\t\t<link id='font-awesome-css' href='https:\/\/sciences-sur-mer.culture-ocean.com\/web\/wp-content\/plugins\/unlimited-elements-for-elementor-premium\/assets_libraries\/font-awesome6\/fontawesome-all.min.css' type='text\/css' rel='stylesheet' >\n\t\t<link id='font-awesome-4-shim-css' href='https:\/\/sciences-sur-mer.culture-ocean.com\/web\/wp-content\/plugins\/unlimited-elements-for-elementor-premium\/assets_libraries\/font-awesome6\/fontawesome-v4-shims.min.css' type='text\/css' rel='stylesheet' >\n\n<style>\/* widget: Post List *\/\n\n\r\n@keyframes uc_post_list_elementor_cf79098__item-animation {\r\n  0% {\r\n            \r\n        \t        \tfilter: blur(10px);\r\n\t\t\t\r\n    \t    opacity: 0;\r\n  }\r\n  100% {\r\n            \r\n        \t            filter: blur(0px);\r\n            \r\n    \t\topacity: 1;\r\n  }\r\n}\r\n\r\n\r\n#uc_post_list_elementor_cf79098 .uc_post_list_box{\r\n\topacity:0;\r\n}\r\n\r\n\r\n#uc_post_list_elementor_cf79098 .uc-entrance-animate {\r\n  opacity:1;\r\n}\r\n\r\n#uc_post_list_elementor_cf79098 .uc-entrance-animate {\r\n\tanimation: uc_post_list_elementor_cf79098__item-animation 0.6s cubic-bezier(0.470, 0.000, 0.745, 0.715) both;\r\n}\r\n\r\n\t\t\t\n\n#uc_post_list_elementor_cf79098{\n  display:grid;\n}\n\n#uc_post_list_elementor_cf79098 .uc_post_list_image div{\n  background-size:cover;\n  background-position:center;\n}\n\n.uc_post_list .uc_post_list_box{\n\tposition: relative;\n\toverflow: hidden;\n\tdisplay: flex;\n}\n\n#uc_post_list_elementor_cf79098 .uc_post_list_image{\n  flex-grow:0;\n  flex-shrink:0;\n  overflow: hidden;\n}\n\n#uc_post_list_elementor_cf79098 .uc_post_list_image img{\n  width:100%;\n  height:100%;\n  display:block;\n  transition:0.3s;  \n  position: relative;\n  z-index: 1;\n}\n\n.uc_post_list_title a{\n    position: relative;\n    z-index: 1;\n\tcolor: #333333;\n    display: block;\n}\n\n.uc_post_list_date{\n\tfont-size: 12px;\n}\n\n#uc_post_list_elementor_cf79098 .uc_post_list_content{\n  display:flex;\n  flex-direction:column;\n  flex:1;\n}\n\n#uc_post_list_elementor_cf79098 .uc_more_btn{\n  text-align:center;\n  text-decoration:none;\n  transition:0.3s;\n  position: relative;\n  z-index: 1;\n}\n\n#uc_post_list_elementor_cf79098 .button-on-side{\n  display:flex;\n  align-items:center;\n}\n\n#uc_post_list_elementor_cf79098 .ue-grid-item-category{\n  display: flex;\n  align-items: center;\n}\n\n.ue-grid-item-category a{\n  display:inline-block;\n  font-size:10px;\n  text-transform:uppercase;\n  white-space: nowrap;\n}\n\n#uc_post_list_elementor_cf79098 .ue-meta-data{  \n  display:flex;\n  flex-wrap: wrap;\n  line-height:1em;\n}\n\n#uc_post_list_elementor_cf79098 .ue-grid-item-meta-data{\n      display:inline-flex;\n      align-items:center;\n}\n\n.ue-grid-item-meta-data{\n  font-size:12px;\n}\n\n#uc_post_list_elementor_cf79098 .ue-grid-item-meta-data-icon{\n  line-height:1em;\n}\n\n#uc_post_list_elementor_cf79098 .ue-grid-item-meta-data-icon svg{\n  width:1em;\n  height:1em;\n} \n\n#uc_post_list_elementor_cf79098 .ue-debug-meta{\n  padding:10px;\n  border:1px solid red;\n  position:relative;\n  line-height:1.5em;\n  font-size:11px;\n  width:100%;\n}\n\n.uc-remote-parent .uc_post_list_box{\n\tcursor:pointer;\n}\n\n#uc_post_list_elementor_cf79098 .ue-post-link-overlay{\n  display:block;\n  position:absolute;\n  top:0;\n  bottom:0;\n  right:0;\n  left:0;\n}\n\n\n  #uc_post_list_elementor_cf79098 .ue_tags_terms{\n    display: flex;\n  }\n\n\n<\/style>\n\n<div class=\"uc_post_list uc-items-wrapper uc-avoid-duplicates \" id=\"uc_post_list_elementor_cf79098\"  data-postids='2042,2056,2939,2026,2049,2924,2721,2030,2748,2053' >    \t\n  <div class=\"uc_post_list_box\" data-category=\"Jules Barrois (IMEV)\">\n  \n  \t    <div class=\"uc_post_list_image\">\n      <a href=\"https:\/\/sciences-sur-mer.culture-ocean.com\/web\/side-events\/understanding-the-ocean-below-the-seafloor-scientific-ocean-drilling-a-global-infrastructure-linking-the-past-and-future-of-planet-earth\/\" target=\"_blank\" title=\"UNDERSTANDING THE OCEAN BELOW THE SEAFLOOR - Scientific ocean drilling: a global infrastructure linking the past and future of Planet Earth\">\n          \n            <img loading=\"lazy\" decoding=\"async\" src=\"https:\/\/sciences-sur-mer.culture-ocean.com\/web\/wp-content\/uploads\/fssm-agenda-top-39-four-j-hq3R5wnbxn4-unsplash.jpg\"  src=\"https:\/\/sciences-sur-mer.culture-ocean.com\/web\/wp-content\/uploads\/fssm-agenda-top-39-four-j-hq3R5wnbxn4-unsplash.jpg\" alt=\"UNDERSTANDING THE OCEAN BELOW THE SEAFLOOR - Scientific ocean drilling\" width=\"2560\" height=\"1000\">\n        \t        \n      <\/a>\n    <\/div>\n  \t\t\n  \n    <div class=\"uc_post_list_content\">\n      <div class=\"uc_post_list_content_inside\">\n        \n                        \n                  \t \n\t\t          \n          <div class=\"ue-grid-item-category\">\n                          <a href=\"https:\/\/sciences-sur-mer.culture-ocean.com\/web\/category\/side-events\/jules-barrois-imev-side-events\/\" target=\"_blank\">Jules Barrois (IMEV)<\/a>\n                          <a href=\"https:\/\/sciences-sur-mer.culture-ocean.com\/web\/category\/side-events\/\" target=\"_blank\">Side-Events<\/a>\n                      <\/div>\n        \n                \n             \n        <h3 class=\"uc_post_list_title\"><a target=\"_blank\" href=\"https:\/\/sciences-sur-mer.culture-ocean.com\/web\/side-events\/understanding-the-ocean-below-the-seafloor-scientific-ocean-drilling-a-global-infrastructure-linking-the-past-and-future-of-planet-earth\/\" title=\"UNDERSTANDING THE OCEAN BELOW THE SEAFLOOR - Scientific ocean drilling: a global infrastructure linking the past and future of Planet Earth\">UNDERSTANDING THE OCEAN BELOW THE SEAFLOOR - Scientific ocean drilling: a global infrastructure linking the past and future of Planet Earth<\/a><\/h3>                 \n        <div class=\"ue-meta-data\">\n                 \n                \n            \n                \n                        \n    <div class=\"ue-grid-item-meta-data\"><span class=\"ue-grid-item-meta-data-icon\"><i class='far fa-calendar'><\/i><\/span>  03-06-25<\/div>\n              \n       \n    \n                          \t\n    <div class=\"ue-grid-item-meta-data\"><span class=\"ue-grid-item-meta-data-icon\"><i class='far fa-clock'><\/i><\/span>  18:00<\/div>\n              \n  \n      \n<\/div>      \n               \n        <div class=\"uc_post_content\">The role of the seabed is critical to understanding the ocean system and is often underrepresented in...<\/div>                <div class=\"ue_tags_terms\"><a href=\"https:\/\/sciences-sur-mer.culture-ocean.com\/web\/tag\/deep-biosphere\/\" rel=\"tag\">deep biosphere<\/a>,<a href=\"https:\/\/sciences-sur-mer.culture-ocean.com\/web\/tag\/drilling-technology\/\" rel=\"tag\">drilling technology<\/a>,<a href=\"https:\/\/sciences-sur-mer.culture-ocean.com\/web\/tag\/earths-climate-system\/\" rel=\"tag\">Earth\u2019s climate system<\/a>,<a href=\"https:\/\/sciences-sur-mer.culture-ocean.com\/web\/tag\/energy-transition\/\" rel=\"tag\">energy transition<\/a>,<a href=\"https:\/\/sciences-sur-mer.culture-ocean.com\/web\/tag\/geohazards\/\" rel=\"tag\">geohazards<\/a>,<a href=\"https:\/\/sciences-sur-mer.culture-ocean.com\/web\/tag\/georesources\/\" rel=\"tag\">georesources<\/a>,<a href=\"https:\/\/sciences-sur-mer.culture-ocean.com\/web\/tag\/ocean-drilling\/\" rel=\"tag\">ocean drilling<\/a>,<a href=\"https:\/\/sciences-sur-mer.culture-ocean.com\/web\/tag\/seafloor\/\" rel=\"tag\">SEAFLOOR<\/a>,<a href=\"https:\/\/sciences-sur-mer.culture-ocean.com\/web\/tag\/tectonic-plates\/\" rel=\"tag\">tectonic plates<\/a><\/div>          \n                \n      <\/div>\n    <\/div>\n     \n       \n  \n         <a target=\"_blank\" href=\"https:\/\/sciences-sur-mer.culture-ocean.com\/web\/side-events\/understanding-the-ocean-below-the-seafloor-scientific-ocean-drilling-a-global-infrastructure-linking-the-past-and-future-of-planet-earth\/\" class=\"ue-post-link-overlay\"><\/a>\n   <\/div>\n<div class=\"uc_post_list_box\" data-category=\"Jules Barrois (IMEV)\">\n  \n  \t    <div class=\"uc_post_list_image\">\n      <a href=\"https:\/\/sciences-sur-mer.culture-ocean.com\/web\/side-events\/ocean-based-solutions-from-blue-carbon-to-ocean-alkalinity-enhancement\/\" target=\"_blank\" title=\"Ocean-based solutions: from blue carbon to ocean alkalinity enhancement\">\n          \n            <img loading=\"lazy\" decoding=\"async\" src=\"https:\/\/sciences-sur-mer.culture-ocean.com\/web\/wp-content\/uploads\/maxim-tolchinskiy-gLoBTbOzqd0-unsplash-scaled.jpg\"  src=\"https:\/\/sciences-sur-mer.culture-ocean.com\/web\/wp-content\/uploads\/maxim-tolchinskiy-gLoBTbOzqd0-unsplash-scaled.jpg\" alt=\"Ocean-based solutions: from blue carbon to ocean alkalinity enhancement\" width=\"2560\" height=\"1707\">\n        \t        \n      <\/a>\n    <\/div>\n  \t\t\n  \n    <div class=\"uc_post_list_content\">\n      <div class=\"uc_post_list_content_inside\">\n        \n                        \n                  \t \n\t\t          \n          <div class=\"ue-grid-item-category\">\n                          <a href=\"https:\/\/sciences-sur-mer.culture-ocean.com\/web\/category\/side-events\/jules-barrois-imev-side-events\/\" target=\"_blank\">Jules Barrois (IMEV)<\/a>\n                          <a href=\"https:\/\/sciences-sur-mer.culture-ocean.com\/web\/category\/side-events\/\" target=\"_blank\">Side-Events<\/a>\n                      <\/div>\n        \n                \n             \n        <h3 class=\"uc_post_list_title\"><a target=\"_blank\" href=\"https:\/\/sciences-sur-mer.culture-ocean.com\/web\/side-events\/ocean-based-solutions-from-blue-carbon-to-ocean-alkalinity-enhancement\/\" title=\"Ocean-based solutions: from blue carbon to ocean alkalinity enhancement\">Ocean-based solutions: from blue carbon to ocean alkalinity enhancement<\/a><\/h3>                 \n        <div class=\"ue-meta-data\">\n                 \n                \n            \n                \n                        \n    <div class=\"ue-grid-item-meta-data\"><span class=\"ue-grid-item-meta-data-icon\"><i class='far fa-calendar'><\/i><\/span>  09-06-25<\/div>\n              \n       \n    \n                          \t\n    <div class=\"ue-grid-item-meta-data\"><span class=\"ue-grid-item-meta-data-icon\"><i class='far fa-clock'><\/i><\/span>  18:30<\/div>\n              \n  \n      \n<\/div>      \n               \n        <div class=\"uc_post_content\">Ocean warming, acidification, and oxygen loss are threatening marine ecosystems and the communities and...<\/div>                <div class=\"ue_tags_terms\"><a href=\"https:\/\/sciences-sur-mer.culture-ocean.com\/web\/tag\/acidification\/\" rel=\"tag\">acidification<\/a>,<a href=\"https:\/\/sciences-sur-mer.culture-ocean.com\/web\/tag\/blue-carbon\/\" rel=\"tag\">blue carbon<\/a>,<a href=\"https:\/\/sciences-sur-mer.culture-ocean.com\/web\/tag\/climate-change\/\" rel=\"tag\">climate change<\/a>,<a href=\"https:\/\/sciences-sur-mer.culture-ocean.com\/web\/tag\/marine-ecosystems\/\" rel=\"tag\">marine ecosystems<\/a>,<a href=\"https:\/\/sciences-sur-mer.culture-ocean.com\/web\/tag\/ocean-alkalinity\/\" rel=\"tag\">ocean alkalinity<\/a>,<a href=\"https:\/\/sciences-sur-mer.culture-ocean.com\/web\/tag\/ocean-warming\/\" rel=\"tag\">Ocean warming<\/a>,<a href=\"https:\/\/sciences-sur-mer.culture-ocean.com\/web\/tag\/oxygen-loss\/\" rel=\"tag\">oxygen loss<\/a><\/div>          \n                \n      <\/div>\n    <\/div>\n     \n       \n  \n         <a target=\"_blank\" href=\"https:\/\/sciences-sur-mer.culture-ocean.com\/web\/side-events\/ocean-based-solutions-from-blue-carbon-to-ocean-alkalinity-enhancement\/\" class=\"ue-post-link-overlay\"><\/a>\n   <\/div>\n<div class=\"uc_post_list_box\" data-category=\"Jules Barrois (IMEV)\">\n  \n  \t    <div class=\"uc_post_list_image\">\n      <a href=\"https:\/\/sciences-sur-mer.culture-ocean.com\/web\/side-events\/the-un-treaty-to-end-plastic-pollution-robust-science-for-success\/\" target=\"_blank\" title=\"The UN Treaty to End Plastic Pollution: Robust science for success\">\n          \n            <img loading=\"lazy\" decoding=\"async\" src=\"https:\/\/sciences-sur-mer.culture-ocean.com\/web\/wp-content\/uploads\/fssm-agenda-top-pict-naja-bertolt-jensen-2St3S36Gu7w-unsplash.jpg\"  src=\"https:\/\/sciences-sur-mer.culture-ocean.com\/web\/wp-content\/uploads\/fssm-agenda-top-pict-naja-bertolt-jensen-2St3S36Gu7w-unsplash.jpg\" alt=\"Festival Sciences-Sur-Mer: Un Oc\u00e9an de plastique\" width=\"2560\" height=\"1000\">\n        \t        \n      <\/a>\n    <\/div>\n  \t\t\n  \n    <div class=\"uc_post_list_content\">\n      <div class=\"uc_post_list_content_inside\">\n        \n                        \n                  \t \n\t\t          \n          <div class=\"ue-grid-item-category\">\n                          <a href=\"https:\/\/sciences-sur-mer.culture-ocean.com\/web\/category\/side-events\/jules-barrois-imev-side-events\/\" target=\"_blank\">Jules Barrois (IMEV)<\/a>\n                          <a href=\"https:\/\/sciences-sur-mer.culture-ocean.com\/web\/category\/side-events\/\" target=\"_blank\">Side-Events<\/a>\n                      <\/div>\n        \n                \n             \n        <h3 class=\"uc_post_list_title\"><a target=\"_blank\" href=\"https:\/\/sciences-sur-mer.culture-ocean.com\/web\/side-events\/the-un-treaty-to-end-plastic-pollution-robust-science-for-success\/\" title=\"The UN Treaty to End Plastic Pollution: Robust science for success\">The UN Treaty to End Plastic Pollution: Robust science for success<\/a><\/h3>                 \n        <div class=\"ue-meta-data\">\n                 \n                \n            \n                \n                        \n    <div class=\"ue-grid-item-meta-data\"><span class=\"ue-grid-item-meta-data-icon\"><i class='far fa-calendar'><\/i><\/span>  10-06-25<\/div>\n              \n       \n    \n                          \t\n    <div class=\"ue-grid-item-meta-data\"><span class=\"ue-grid-item-meta-data-icon\"><i class='far fa-clock'><\/i><\/span>  12:00<\/div>\n              \n  \n      \n<\/div>      \n               \n        <div class=\"uc_post_content\">The Global Plastics Treaty was mandated by the United Nations in 2022 and is currently under negotiation....<\/div>                <div class=\"ue_tags_terms\"><a href=\"https:\/\/sciences-sur-mer.culture-ocean.com\/web\/tag\/global-plastics-treaty\/\" rel=\"tag\">Global Plastics Treaty<\/a>,<a href=\"https:\/\/sciences-sur-mer.culture-ocean.com\/web\/tag\/plastic-pollution\/\" rel=\"tag\">plastic pollution<\/a>,<a href=\"https:\/\/sciences-sur-mer.culture-ocean.com\/web\/tag\/plastics-experts\/\" rel=\"tag\">plastics experts<\/a>,<a href=\"https:\/\/sciences-sur-mer.culture-ocean.com\/web\/tag\/policymakers\/\" rel=\"tag\">policymakers<\/a>,<a href=\"https:\/\/sciences-sur-mer.culture-ocean.com\/web\/tag\/scientists\/\" rel=\"tag\">scientists<\/a><\/div>          \n                \n      <\/div>\n    <\/div>\n     \n       \n  \n         <a target=\"_blank\" href=\"https:\/\/sciences-sur-mer.culture-ocean.com\/web\/side-events\/the-un-treaty-to-end-plastic-pollution-robust-science-for-success\/\" class=\"ue-post-link-overlay\"><\/a>\n   <\/div>\n<div class=\"uc_post_list_box\" data-category=\"La Citadelle\">\n  \n  \t    <div class=\"uc_post_list_image\">\n      <a href=\"https:\/\/sciences-sur-mer.culture-ocean.com\/web\/side-events\/ocean-observation-for-the-governance-of-the-high-seas\/\" target=\"_blank\" title=\"Ocean observation for the governance of the High Seas\">\n          \n            <img loading=\"lazy\" decoding=\"async\" src=\"https:\/\/sciences-sur-mer.culture-ocean.com\/web\/wp-content\/uploads\/37-ocean_observation_for_the_governanc-01-80.jpg\"  src=\"https:\/\/sciences-sur-mer.culture-ocean.com\/web\/wp-content\/uploads\/37-ocean_observation_for_the_governanc-01-80.jpg\" alt=\"37-ocean_observation_for_the_governanc-01-80\" width=\"700\" height=\"700\">\n        \t        \n      <\/a>\n    <\/div>\n  \t\t\n  \n    <div class=\"uc_post_list_content\">\n      <div class=\"uc_post_list_content_inside\">\n        \n                        \n                  \t \n\t\t          \n          <div class=\"ue-grid-item-category\">\n                          <a href=\"https:\/\/sciences-sur-mer.culture-ocean.com\/web\/category\/side-events\/la-citadelle-side-events\/\" target=\"_blank\">La Citadelle<\/a>\n                          <a href=\"https:\/\/sciences-sur-mer.culture-ocean.com\/web\/category\/side-events\/\" target=\"_blank\">Side-Events<\/a>\n                      <\/div>\n        \n                \n             \n        <h3 class=\"uc_post_list_title\"><a target=\"_blank\" href=\"https:\/\/sciences-sur-mer.culture-ocean.com\/web\/side-events\/ocean-observation-for-the-governance-of-the-high-seas\/\" title=\"Ocean observation for the governance of the High Seas\">Ocean observation for the governance of the High Seas<\/a><\/h3>                 \n        <div class=\"ue-meta-data\">\n                 \n                \n            \n                \n                        \n    <div class=\"ue-grid-item-meta-data\"><span class=\"ue-grid-item-meta-data-icon\"><i class='far fa-calendar'><\/i><\/span>  10-06-25<\/div>\n              \n       \n    \n                          \t\n    <div class=\"ue-grid-item-meta-data\"><span class=\"ue-grid-item-meta-data-icon\"><i class='far fa-clock'><\/i><\/span>  13:30<\/div>\n              \n  \n      \n<\/div>      \n               \n        <div class=\"uc_post_content\">The event highlights the role of ocean observation in the governance of the High Seas. Using the Thermal...<\/div>                <div class=\"ue_tags_terms\"><a href=\"https:\/\/sciences-sur-mer.culture-ocean.com\/web\/tag\/art\/\" rel=\"tag\">Art<\/a>,<a href=\"https:\/\/sciences-sur-mer.culture-ocean.com\/web\/tag\/bbnj\/\" rel=\"tag\">BBNJ<\/a>,<a href=\"https:\/\/sciences-sur-mer.culture-ocean.com\/web\/tag\/governance\/\" rel=\"tag\">governance<\/a>,<a href=\"https:\/\/sciences-sur-mer.culture-ocean.com\/web\/tag\/high-seas\/\" rel=\"tag\">High Seas<\/a>,<a href=\"https:\/\/sciences-sur-mer.culture-ocean.com\/web\/tag\/ocean-literacy\/\" rel=\"tag\">Ocean literacy<\/a>,<a href=\"https:\/\/sciences-sur-mer.culture-ocean.com\/web\/tag\/ocean-observation\/\" rel=\"tag\">Ocean observation<\/a>,<a href=\"https:\/\/sciences-sur-mer.culture-ocean.com\/web\/tag\/thermal-dome\/\" rel=\"tag\">Thermal Dome<\/a><\/div>          \n                \n      <\/div>\n    <\/div>\n     \n       \n  \n         <a target=\"_blank\" href=\"https:\/\/sciences-sur-mer.culture-ocean.com\/web\/side-events\/ocean-observation-for-the-governance-of-the-high-seas\/\" class=\"ue-post-link-overlay\"><\/a>\n   <\/div>\n<div class=\"uc_post_list_box\" data-category=\"Jules Barrois (IMEV)\">\n  \n  \t    <div class=\"uc_post_list_image\">\n      <a href=\"https:\/\/sciences-sur-mer.culture-ocean.com\/web\/side-events\/towards-a-global-sustainable-ocean-observation-system-serving-socio-ecosystems\/\" target=\"_blank\" title=\"Towards a global, sustainable ocean observation system serving socio-ecosystems\">\n          \n            <img loading=\"lazy\" decoding=\"async\" src=\"https:\/\/sciences-sur-mer.culture-ocean.com\/web\/wp-content\/uploads\/44-towards_a_global_sustainable_ocean-01.jpg\"  src=\"https:\/\/sciences-sur-mer.culture-ocean.com\/web\/wp-content\/uploads\/44-towards_a_global_sustainable_ocean-01.jpg\" alt=\"Towards a global, sustainable ocean observation system serving socio-ecosystems\" width=\"700\" height=\"700\">\n        \t        \n      <\/a>\n    <\/div>\n  \t\t\n  \n    <div class=\"uc_post_list_content\">\n      <div class=\"uc_post_list_content_inside\">\n        \n                        \n                  \t \n\t\t          \n          <div class=\"ue-grid-item-category\">\n                          <a href=\"https:\/\/sciences-sur-mer.culture-ocean.com\/web\/category\/side-events\/jules-barrois-imev-side-events\/\" target=\"_blank\">Jules Barrois (IMEV)<\/a>\n                          <a href=\"https:\/\/sciences-sur-mer.culture-ocean.com\/web\/category\/side-events\/\" target=\"_blank\">Side-Events<\/a>\n                      <\/div>\n        \n                \n             \n        <h3 class=\"uc_post_list_title\"><a target=\"_blank\" href=\"https:\/\/sciences-sur-mer.culture-ocean.com\/web\/side-events\/towards-a-global-sustainable-ocean-observation-system-serving-socio-ecosystems\/\" title=\"Towards a global, sustainable ocean observation system serving socio-ecosystems\">Towards a global, sustainable ocean observation system serving socio-ecosystems<\/a><\/h3>                 \n        <div class=\"ue-meta-data\">\n                 \n                \n            \n                \n                        \n    <div class=\"ue-grid-item-meta-data\"><span class=\"ue-grid-item-meta-data-icon\"><i class='far fa-calendar'><\/i><\/span>  10-06-25<\/div>\n              \n       \n    \n                          \t\n    <div class=\"ue-grid-item-meta-data\"><span class=\"ue-grid-item-meta-data-icon\"><i class='far fa-clock'><\/i><\/span>  18:00<\/div>\n              \n  \n      \n<\/div>      \n               \n        <div class=\"uc_post_content\">This event addresses the urgent need for integrated ocean observing systems to assess the impacts of...<\/div>                <div class=\"ue_tags_terms\"><a href=\"https:\/\/sciences-sur-mer.culture-ocean.com\/web\/tag\/biodiversity\/\" rel=\"tag\">biodiversity<\/a>,<a href=\"https:\/\/sciences-sur-mer.culture-ocean.com\/web\/tag\/climate-change\/\" rel=\"tag\">climate change<\/a>,<a href=\"https:\/\/sciences-sur-mer.culture-ocean.com\/web\/tag\/excess-co%e2%82%82\/\" rel=\"tag\">excess CO\u2082<\/a>,<a href=\"https:\/\/sciences-sur-mer.culture-ocean.com\/web\/tag\/excess-heat\/\" rel=\"tag\">excess heat<\/a>,<a href=\"https:\/\/sciences-sur-mer.culture-ocean.com\/web\/tag\/extreme-events\/\" rel=\"tag\">extreme events<\/a>,<a href=\"https:\/\/sciences-sur-mer.culture-ocean.com\/web\/tag\/marine-ecosystems\/\" rel=\"tag\">marine ecosystems<\/a>,<a href=\"https:\/\/sciences-sur-mer.culture-ocean.com\/web\/tag\/socio-ecosystems\/\" rel=\"tag\">socio-ecosystems<\/a>,<a href=\"https:\/\/sciences-sur-mer.culture-ocean.com\/web\/tag\/weather\/\" rel=\"tag\">weather<\/a><\/div>          \n                \n      <\/div>\n    <\/div>\n     \n       \n  \n         <a target=\"_blank\" href=\"https:\/\/sciences-sur-mer.culture-ocean.com\/web\/side-events\/towards-a-global-sustainable-ocean-observation-system-serving-socio-ecosystems\/\" class=\"ue-post-link-overlay\"><\/a>\n   <\/div>\n<div class=\"uc_post_list_box\" data-category=\"La Citadelle\">\n  \n  \t    <div class=\"uc_post_list_image\">\n      <a href=\"https:\/\/sciences-sur-mer.culture-ocean.com\/web\/side-events\/locean-enjeux-de-sante\/\" target=\"_blank\" title=\"L\u2019Oc\u00e9an, enjeux de Sant\u00e9\">\n          \n            <img loading=\"lazy\" decoding=\"async\" src=\"https:\/\/sciences-sur-mer.culture-ocean.com\/web\/wp-content\/uploads\/58-l_ocean_enjeux_de_sante-01.jpg\"  src=\"https:\/\/sciences-sur-mer.culture-ocean.com\/web\/wp-content\/uploads\/58-l_ocean_enjeux_de_sante-01.jpg\" alt=\"Festival Sciences-Sur-Mer: L\u2019Oc\u00e9an, enjeux de Sant\u00e9\" width=\"700\" height=\"700\">\n        \t        \n      <\/a>\n    <\/div>\n  \t\t\n  \n    <div class=\"uc_post_list_content\">\n      <div class=\"uc_post_list_content_inside\">\n        \n                        \n                  \t \n\t\t          \n          <div class=\"ue-grid-item-category\">\n                          <a href=\"https:\/\/sciences-sur-mer.culture-ocean.com\/web\/category\/side-events\/la-citadelle-side-events\/\" target=\"_blank\">La Citadelle<\/a>\n                          <a href=\"https:\/\/sciences-sur-mer.culture-ocean.com\/web\/category\/side-events\/\" target=\"_blank\">Side-Events<\/a>\n                      <\/div>\n        \n                \n             \n        <h3 class=\"uc_post_list_title\"><a target=\"_blank\" href=\"https:\/\/sciences-sur-mer.culture-ocean.com\/web\/side-events\/locean-enjeux-de-sante\/\" title=\"L\u2019Oc\u00e9an, enjeux de Sant\u00e9\">L\u2019Oc\u00e9an, enjeux de Sant\u00e9<\/a><\/h3>                 \n        <div class=\"ue-meta-data\">\n                 \n                \n            \n                \n                        \n    <div class=\"ue-grid-item-meta-data\"><span class=\"ue-grid-item-meta-data-icon\"><i class='far fa-calendar'><\/i><\/span>  11-06-25<\/div>\n              \n       \n    \n                          \t\n    <div class=\"ue-grid-item-meta-data\"><span class=\"ue-grid-item-meta-data-icon\"><i class='far fa-clock'><\/i><\/span>  10:00<\/div>\n              \n  \n      \n<\/div>      \n               \n        <div class=\"uc_post_content\">L\u2019Oc\u00e9an, enjeux de Sant\u00e9 \u00bb veut r\u00e9unir des scientifiques, des professionnels de sant\u00e9, des d\u00e9cideurs...<\/div>                <div class=\"ue_tags_terms\"><a href=\"https:\/\/sciences-sur-mer.culture-ocean.com\/web\/tag\/ecosystemes-marins\/\" rel=\"tag\">\u00e9cosyst\u00e8mes marins<\/a>,<a href=\"https:\/\/sciences-sur-mer.culture-ocean.com\/web\/tag\/ocean-et-sante-humaine\/\" rel=\"tag\">oc\u00e9an et sant\u00e9 humaine<\/a>,<a href=\"https:\/\/sciences-sur-mer.culture-ocean.com\/web\/tag\/sante\/\" rel=\"tag\">sant\u00e9<\/a><\/div>          \n                \n      <\/div>\n    <\/div>\n     \n       \n  \n         <a target=\"_blank\" href=\"https:\/\/sciences-sur-mer.culture-ocean.com\/web\/side-events\/locean-enjeux-de-sante\/\" class=\"ue-post-link-overlay\"><\/a>\n   <\/div>\n<div class=\"uc_post_list_box\" data-category=\"La Citadelle\">\n  \n  \t    <div class=\"uc_post_list_image\">\n      <a href=\"https:\/\/sciences-sur-mer.culture-ocean.com\/web\/side-events\/au-coeur-des-oceans-au-service-de-la-science\/\" target=\"_blank\" title=\"Au coeur des oc\u00e9ans, au service de la science\">\n          \n            <img loading=\"lazy\" decoding=\"async\" src=\"https:\/\/sciences-sur-mer.culture-ocean.com\/web\/wp-content\/uploads\/IMOCA_IFREMER.jpg\"  src=\"https:\/\/sciences-sur-mer.culture-ocean.com\/web\/wp-content\/uploads\/IMOCA_IFREMER.jpg\" alt=\"Festival Sciences-Sur-Mer: Au coeur des oc\u00e9ans, au service de la science\" width=\"1920\" height=\"1080\">\n        \t        \n      <\/a>\n    <\/div>\n  \t\t\n  \n    <div class=\"uc_post_list_content\">\n      <div class=\"uc_post_list_content_inside\">\n        \n                        \n                  \t \n\t\t          \n          <div class=\"ue-grid-item-category\">\n                          <a href=\"https:\/\/sciences-sur-mer.culture-ocean.com\/web\/category\/side-events\/la-citadelle-side-events\/\" target=\"_blank\">La Citadelle<\/a>\n                          <a href=\"https:\/\/sciences-sur-mer.culture-ocean.com\/web\/category\/side-events\/\" target=\"_blank\">Side-Events<\/a>\n                      <\/div>\n        \n                \n             \n        <h3 class=\"uc_post_list_title\"><a target=\"_blank\" href=\"https:\/\/sciences-sur-mer.culture-ocean.com\/web\/side-events\/au-coeur-des-oceans-au-service-de-la-science\/\" title=\"Au coeur des oc\u00e9ans, au service de la science\">Au coeur des oc\u00e9ans, au service de la science<\/a><\/h3>                 \n        <div class=\"ue-meta-data\">\n                 \n                \n            \n                \n                        \n    <div class=\"ue-grid-item-meta-data\"><span class=\"ue-grid-item-meta-data-icon\"><i class='far fa-calendar'><\/i><\/span>  11-06-25<\/div>\n              \n       \n    \n                          \t\n    <div class=\"ue-grid-item-meta-data\"><span class=\"ue-grid-item-meta-data-icon\"><i class='far fa-clock'><\/i><\/span>  17:00<\/div>\n              \n  \n      \n<\/div>      \n               \n        <div class=\"uc_post_content\">\u00c0 l\u2019occasion de l\u2019UNOC, nous souhaitons mettre en lumi\u00e8re le lien entre la course au large et les sciences...<\/div>                <div class=\"ue_tags_terms\"><a href=\"https:\/\/sciences-sur-mer.culture-ocean.com\/web\/tag\/course-au-large\/\" rel=\"tag\">course au large<\/a>,<a href=\"https:\/\/sciences-sur-mer.culture-ocean.com\/web\/tag\/donnees-oceanographiques\/\" rel=\"tag\">donn\u00e9es oc\u00e9anographiques<\/a>,<a href=\"https:\/\/sciences-sur-mer.culture-ocean.com\/web\/tag\/imoca\/\" rel=\"tag\">IMOCA<\/a>,<a href=\"https:\/\/sciences-sur-mer.culture-ocean.com\/web\/tag\/sciences-oceaniques\/\" rel=\"tag\">sciences oc\u00e9aniques<\/a>,<a href=\"https:\/\/sciences-sur-mer.culture-ocean.com\/web\/tag\/skippers\/\" rel=\"tag\">skippers<\/a>,<a href=\"https:\/\/sciences-sur-mer.culture-ocean.com\/web\/tag\/voilier\/\" rel=\"tag\">voilier<\/a><\/div>          \n                \n      <\/div>\n    <\/div>\n     \n       \n  \n         <a target=\"_blank\" href=\"https:\/\/sciences-sur-mer.culture-ocean.com\/web\/side-events\/au-coeur-des-oceans-au-service-de-la-science\/\" class=\"ue-post-link-overlay\"><\/a>\n   <\/div>\n<div class=\"uc_post_list_box\" data-category=\"Jules Barrois (IMEV)\">\n  \n  \t    <div class=\"uc_post_list_image\">\n      <a href=\"https:\/\/sciences-sur-mer.culture-ocean.com\/web\/side-events\/plankton-night-bringing-the-invisible-majority-to-the-un\/\" target=\"_blank\" title=\"Plankton Night: Bringing the invisible majority to the UN\">\n          \n            <img loading=\"lazy\" decoding=\"async\" src=\"https:\/\/sciences-sur-mer.culture-ocean.com\/web\/wp-content\/uploads\/38-plankton_night_bringing_the_invisi-02.jpg\"  src=\"https:\/\/sciences-sur-mer.culture-ocean.com\/web\/wp-content\/uploads\/38-plankton_night_bringing_the_invisi-02.jpg\" alt=\"Plankton Night: Bringing the invisible majority to the UN\" width=\"700\" height=\"700\">\n        \t        \n      <\/a>\n    <\/div>\n  \t\t\n  \n    <div class=\"uc_post_list_content\">\n      <div class=\"uc_post_list_content_inside\">\n        \n                        \n                  \t \n\t\t          \n          <div class=\"ue-grid-item-category\">\n                          <a href=\"https:\/\/sciences-sur-mer.culture-ocean.com\/web\/category\/side-events\/jules-barrois-imev-side-events\/\" target=\"_blank\">Jules Barrois (IMEV)<\/a>\n                          <a href=\"https:\/\/sciences-sur-mer.culture-ocean.com\/web\/category\/side-events\/\" target=\"_blank\">Side-Events<\/a>\n                      <\/div>\n        \n                \n             \n        <h3 class=\"uc_post_list_title\"><a target=\"_blank\" href=\"https:\/\/sciences-sur-mer.culture-ocean.com\/web\/side-events\/plankton-night-bringing-the-invisible-majority-to-the-un\/\" title=\"Plankton Night: Bringing the invisible majority to the UN\">Plankton Night: Bringing the invisible majority to the UN<\/a><\/h3>                 \n        <div class=\"ue-meta-data\">\n                 \n                \n            \n                \n                        \n    <div class=\"ue-grid-item-meta-data\"><span class=\"ue-grid-item-meta-data-icon\"><i class='far fa-calendar'><\/i><\/span>  11-06-25<\/div>\n              \n       \n    \n                          \t\n    <div class=\"ue-grid-item-meta-data\"><span class=\"ue-grid-item-meta-data-icon\"><i class='far fa-clock'><\/i><\/span>  18:00<\/div>\n              \n  \n      \n<\/div>      \n               \n        <div class=\"uc_post_content\">At the base of every marine ecosystem, with a key role in carbon storage and for the habitability of...<\/div>                <div class=\"ue_tags_terms\"><a href=\"https:\/\/sciences-sur-mer.culture-ocean.com\/web\/tag\/invisible\/\" rel=\"tag\">invisible<\/a>,<a href=\"https:\/\/sciences-sur-mer.culture-ocean.com\/web\/tag\/marine-ecosystems\/\" rel=\"tag\">marine ecosystems<\/a>,<a href=\"https:\/\/sciences-sur-mer.culture-ocean.com\/web\/tag\/ocean-observation\/\" rel=\"tag\">Ocean observation<\/a>,<a href=\"https:\/\/sciences-sur-mer.culture-ocean.com\/web\/tag\/plankton\/\" rel=\"tag\">plankton<\/a><\/div>          \n                \n      <\/div>\n    <\/div>\n     \n       \n  \n         <a target=\"_blank\" href=\"https:\/\/sciences-sur-mer.culture-ocean.com\/web\/side-events\/plankton-night-bringing-the-invisible-majority-to-the-un\/\" class=\"ue-post-link-overlay\"><\/a>\n   <\/div>\n<div class=\"uc_post_list_box\" data-category=\"La Citadelle\">\n  \n  \t    <div class=\"uc_post_list_image\">\n      <a href=\"https:\/\/sciences-sur-mer.culture-ocean.com\/web\/side-events\/safeguarding-deep-sea-biodiversity\/\" target=\"_blank\" title=\"Safeguarding Deep-Sea Biodiversity\">\n          \n            <img loading=\"lazy\" decoding=\"async\" src=\"https:\/\/sciences-sur-mer.culture-ocean.com\/web\/wp-content\/uploads\/57-safeguarding_deep_sea_biodiversity-01.jpg\"  src=\"https:\/\/sciences-sur-mer.culture-ocean.com\/web\/wp-content\/uploads\/57-safeguarding_deep_sea_biodiversity-01.jpg\" alt=\"Festival Sciences-Sur-Mer: Safeguarding Deep-Sea Biodiversity\" width=\"700\" height=\"700\">\n        \t        \n      <\/a>\n    <\/div>\n  \t\t\n  \n    <div class=\"uc_post_list_content\">\n      <div class=\"uc_post_list_content_inside\">\n        \n                        \n                  \t \n\t\t          \n          <div class=\"ue-grid-item-category\">\n                          <a href=\"https:\/\/sciences-sur-mer.culture-ocean.com\/web\/category\/side-events\/la-citadelle-side-events\/\" target=\"_blank\">La Citadelle<\/a>\n                          <a href=\"https:\/\/sciences-sur-mer.culture-ocean.com\/web\/category\/side-events\/\" target=\"_blank\">Side-Events<\/a>\n                      <\/div>\n        \n                \n             \n        <h3 class=\"uc_post_list_title\"><a target=\"_blank\" href=\"https:\/\/sciences-sur-mer.culture-ocean.com\/web\/side-events\/safeguarding-deep-sea-biodiversity\/\" title=\"Safeguarding Deep-Sea Biodiversity\">Safeguarding Deep-Sea Biodiversity<\/a><\/h3>                 \n        <div class=\"ue-meta-data\">\n                 \n                \n            \n                \n                        \n    <div class=\"ue-grid-item-meta-data\"><span class=\"ue-grid-item-meta-data-icon\"><i class='far fa-calendar'><\/i><\/span>  12-06-25<\/div>\n              \n       \n    \n                          \t\n    <div class=\"ue-grid-item-meta-data\"><span class=\"ue-grid-item-meta-data-icon\"><i class='far fa-clock'><\/i><\/span>  17:00<\/div>\n              \n  \n      \n<\/div>      \n               \n        <div class=\"uc_post_content\">Safeguarding Deep-Sea Biodiversity and the Climate: Integrating Science and Policy for a Sustainable...<\/div>                <div class=\"ue_tags_terms\"><a href=\"https:\/\/sciences-sur-mer.culture-ocean.com\/web\/tag\/biodiversity\/\" rel=\"tag\">biodiversity<\/a>,<a href=\"https:\/\/sciences-sur-mer.culture-ocean.com\/web\/tag\/climate\/\" rel=\"tag\">Climate<\/a>,<a href=\"https:\/\/sciences-sur-mer.culture-ocean.com\/web\/tag\/deep-sea\/\" rel=\"tag\">deep-sea<\/a>,<a href=\"https:\/\/sciences-sur-mer.culture-ocean.com\/web\/tag\/sustainable-future\/\" rel=\"tag\">Sustainable Future<\/a><\/div>          \n                \n      <\/div>\n    <\/div>\n     \n       \n  \n         <a target=\"_blank\" href=\"https:\/\/sciences-sur-mer.culture-ocean.com\/web\/side-events\/safeguarding-deep-sea-biodiversity\/\" class=\"ue-post-link-overlay\"><\/a>\n   <\/div>\n<div class=\"uc_post_list_box\" data-category=\"Jules Barrois (IMEV)\">\n  \n  \t    <div class=\"uc_post_list_image\">\n      <a href=\"https:\/\/sciences-sur-mer.culture-ocean.com\/web\/side-events\/making-the-digital-twin-of-the-ocean-fit-for-global-marine-governance-ethics-politics-and-transformative-power\/\" target=\"_blank\" title=\"Making the Digital Twin of the Ocean fit for Global Marine Governance: Ethics, Politics, and Transformative Power?\">\n          \n            <img loading=\"lazy\" decoding=\"async\" src=\"https:\/\/sciences-sur-mer.culture-ocean.com\/web\/wp-content\/uploads\/fssm-agenda-top-52-making_the_digital_twin_of_the_ocean.jpg\"  src=\"https:\/\/sciences-sur-mer.culture-ocean.com\/web\/wp-content\/uploads\/fssm-agenda-top-52-making_the_digital_twin_of_the_ocean.jpg\" alt=\"Making the Digital Twin of the Ocean fit for Global Marine Governance: Ethics, Politics, and Transformative Power\" width=\"2560\" height=\"1000\">\n        \t        \n      <\/a>\n    <\/div>\n  \t\t\n  \n    <div class=\"uc_post_list_content\">\n      <div class=\"uc_post_list_content_inside\">\n        \n                        \n                  \t \n\t\t          \n          <div class=\"ue-grid-item-category\">\n                          <a href=\"https:\/\/sciences-sur-mer.culture-ocean.com\/web\/category\/side-events\/jules-barrois-imev-side-events\/\" target=\"_blank\">Jules Barrois (IMEV)<\/a>\n                          <a href=\"https:\/\/sciences-sur-mer.culture-ocean.com\/web\/category\/side-events\/\" target=\"_blank\">Side-Events<\/a>\n                      <\/div>\n        \n                \n             \n        <h3 class=\"uc_post_list_title\"><a target=\"_blank\" href=\"https:\/\/sciences-sur-mer.culture-ocean.com\/web\/side-events\/making-the-digital-twin-of-the-ocean-fit-for-global-marine-governance-ethics-politics-and-transformative-power\/\" title=\"Making the Digital Twin of the Ocean fit for Global Marine Governance: Ethics, Politics, and Transformative Power?\">Making the Digital Twin of the Ocean fit for Global Marine Governance: Ethics, Politics, and Transformative Power?<\/a><\/h3>                 \n        <div class=\"ue-meta-data\">\n                 \n                \n            \n                \n                        \n    <div class=\"ue-grid-item-meta-data\"><span class=\"ue-grid-item-meta-data-icon\"><i class='far fa-calendar'><\/i><\/span>  12-06-25<\/div>\n              \n       \n    \n                          \t\n    <div class=\"ue-grid-item-meta-data\"><span class=\"ue-grid-item-meta-data-icon\"><i class='far fa-clock'><\/i><\/span>  18:00<\/div>\n              \n  \n      \n<\/div>      \n               \n        <div class=\"uc_post_content\">The Digital Twin of the Ocean is high on the EU's political agenda and envisioned to become one of the...<\/div>                <div class=\"ue_tags_terms\"><a href=\"https:\/\/sciences-sur-mer.culture-ocean.com\/web\/tag\/bbnj\/\" rel=\"tag\">BBNJ<\/a>,<a href=\"https:\/\/sciences-sur-mer.culture-ocean.com\/web\/tag\/cbd\/\" rel=\"tag\">CBD<\/a>,<a href=\"https:\/\/sciences-sur-mer.culture-ocean.com\/web\/tag\/digital-twin\/\" rel=\"tag\">Digital Twin<\/a>,<a href=\"https:\/\/sciences-sur-mer.culture-ocean.com\/web\/tag\/embrc\/\" rel=\"tag\">EMBRC<\/a>,<a href=\"https:\/\/sciences-sur-mer.culture-ocean.com\/web\/tag\/isa\/\" rel=\"tag\">ISA<\/a><\/div>          \n                \n      <\/div>\n    <\/div>\n     \n       \n  \n         <a target=\"_blank\" href=\"https:\/\/sciences-sur-mer.culture-ocean.com\/web\/side-events\/making-the-digital-twin-of-the-ocean-fit-for-global-marine-governance-ethics-politics-and-transformative-power\/\" class=\"ue-post-link-overlay\"><\/a>\n   <\/div>\n\n<\/div>\n\n\n  <div id=\"uc_post_list_elementor_cf79098_empty_message\" class=\"ue-no-posts-found\"  style=\"display:none\" >D\u00e9sol\u00e9 aucun \u00e9v\u00e8nements ...<\/div>\n\n\n<!-- end Post List -->\t\t\t\t<\/div>\n\t\t\t\t<\/div>\n\t\t\t\t\t<\/div>\n\t\t\t\t<\/div>\n\t\t\t\t<\/div>\n\t\t","protected":false},"excerpt":{"rendered":"<p>Dans le cadre de l\u2019Ann\u00e9e de la Mer et des G\u00e9osciences, explorez notre Oc\u00e9an et les secrets de ses bassins autour du monde lors de conf\u00e9rences accessibles \u00e0 tous. Chaque rencontre avec des experts passionn\u00e9s mettra en lumi\u00e8re un environnement marin diff\u00e9rent !<\/p>\n","protected":false},"author":1,"featured_media":0,"parent":0,"menu_order":0,"comment_status":"closed","ping_status":"closed","template":"elementor_theme","meta":{"_acf_changed":false,"footnotes":""},"class_list":["post-574","page","type-page","status-publish","hentry"],"acf":[],"_links":{"self":[{"href":"https:\/\/sciences-sur-mer.culture-ocean.com\/web\/wp-json\/wp\/v2\/pages\/574","targetHints":{"allow":["GET"]}}],"collection":[{"href":"https:\/\/sciences-sur-mer.culture-ocean.com\/web\/wp-json\/wp\/v2\/pages"}],"about":[{"href":"https:\/\/sciences-sur-mer.culture-ocean.com\/web\/wp-json\/wp\/v2\/types\/page"}],"author":[{"embeddable":true,"href":"https:\/\/sciences-sur-mer.culture-ocean.com\/web\/wp-json\/wp\/v2\/users\/1"}],"replies":[{"embeddable":true,"href":"https:\/\/sciences-sur-mer.culture-ocean.com\/web\/wp-json\/wp\/v2\/comments?post=574"}],"version-history":[{"count":64,"href":"https:\/\/sciences-sur-mer.culture-ocean.com\/web\/wp-json\/wp\/v2\/pages\/574\/revisions"}],"predecessor-version":[{"id":3418,"href":"https:\/\/sciences-sur-mer.culture-ocean.com\/web\/wp-json\/wp\/v2\/pages\/574\/revisions\/3418"}],"wp:attachment":[{"href":"https:\/\/sciences-sur-mer.culture-ocean.com\/web\/wp-json\/wp\/v2\/media?parent=574"}],"curies":[{"name":"wp","href":"https:\/\/api.w.org\/{rel}","templated":true}]}}